{"id":7117,"date":"2021-11-08T13:37:45","date_gmt":"2021-11-08T12:37:45","guid":{"rendered":"https:\/\/www.prodenkmal.de\/?page_id=7117"},"modified":"2022-11-02T10:21:54","modified_gmt":"2022-11-02T09:21:54","slug":"legalnotice","status":"publish","type":"page","link":"https:\/\/www.prodenkmal.de\/en\/legalnotice\/","title":{"rendered":"Legal Notice"},"content":{"rendered":"\t\t<div data-elementor-type=\"wp-page\" data-elementor-id=\"7117\" class=\"elementor elementor-7117 elementor-29\" data-elementor-settings=\"[]\">\n\t\t\t\t\t\t<div class=\"elementor-inner\">\n\t\t\t\t\t\t\t<div class=\"elementor-section-wrap\">\n\t\t\t\t\t\t\t<section class=\"elementor-section elementor-top-section elementor-element elementor-element-ecbac09 elementor-section-boxed elementor-section-height-default elementor-section-height-default\" data-id=\"ecbac09\" data-element_type=\"section\">\n\t\t\t\t\t\t<div class=\"elementor-container elementor-column-gap-default\">\n\t\t\t\t\t\t\t<div class=\"elementor-row\">\n\t\t\t\t\t<div class=\"elementor-column elementor-col-100 elementor-top-column elementor-element elementor-element-75f80a8\" data-id=\"75f80a8\" data-element_type=\"column\">\n\t\t\t<div class=\"elementor-column-wrap elementor-element-populated\">\n\t\t\t\t\t\t\t<div class=\"elementor-widget-wrap\">\n\t\t\t\t\n\t\t<div class=\"elementor-element elementor-element-1652e91 elementor-widget elementor-widget-heading\" data-id=\"1652e91\" data-element_type=\"widget\" data-widget_type=\"heading.default\">\n\t\t\t\t<div class=\"elementor-widget-container\">\n\t\t\t<h1 class=\"elementor-heading-title elementor-size-default\">Impressum<\/h1>\t\t<\/div>\n\t\t\t\t<\/div>\n\t\t\t\t\t\t<\/div>\n\t\t\t\t\t<\/div>\n\t\t<\/div>\n\t\t\t\t\t\t\t\t<\/div>\n\t\t\t\t\t<\/div>\n\t\t<\/section>\n\t\t\t\t<section class=\"elementor-section elementor-top-section elementor-element elementor-element-8253829 elementor-section-boxed elementor-section-height-default elementor-section-height-default\" data-id=\"8253829\" data-element_type=\"section\">\n\t\t\t\t\t\t<div class=\"elementor-container elementor-column-gap-default\">\n\t\t\t\t\t\t\t<div class=\"elementor-row\">\n\t\t\t\t\t<div class=\"elementor-column elementor-col-100 elementor-top-column elementor-element elementor-element-adac542\" data-id=\"adac542\" data-element_type=\"column\">\n\t\t\t<div class=\"elementor-column-wrap elementor-element-populated\">\n\t\t\t\t\t\t\t<div class=\"elementor-widget-wrap\">\n\t\t\t\t\t\t<div class=\"elementor-element elementor-element-e40d3ed elementor-widget elementor-widget-kyl_standort\" data-id=\"e40d3ed\" data-element_type=\"widget\" data-widget_type=\"kyl_standort.default\">\n\t\t\t\t<div class=\"elementor-widget-container\">\n\t\t\t        \n                \t<div class=\"location\">\n\t        \t<p>\n\t            <span class=\"company\">Pro Denkmal GmbH Bamberg<\/span><br> \n\t        \t<\/p>\n\t        \t<div class=\"adress\"><p>Obere K\u00f6nigsstra\u00dfe 15<br \/>\n96052 Bamberg<\/p>\n<\/div>\n\t        \t<p>\n\t            \t<a class=\"phone\" href=\"tel:0951-96 4350 0\">0951-96 4350 0<\/a><br>\n\t            \t<a class=\"mail\" href=\"mailto:bamberg@prodenkmal.de\">bamberg@prodenkmal.de<\/a>\n\t        \t<\/p>\n\t        \t\n\n\t        <\/div>\n    \t\t\t\t\t<\/div>\n\t\t\t\t<\/div>\n\t\t\t\t<div class=\"elementor-element elementor-element-2383e41 elementor-widget elementor-widget-text-editor\" data-id=\"2383e41\" data-element_type=\"widget\" data-widget_type=\"text-editor.default\">\n\t\t\t\t<div class=\"elementor-widget-container\">\n\t\t\t\t\t\t\t\t<div class=\"elementor-text-editor elementor-clearfix\">\n\t\t\t\t\t<h3>Represented by:<\/h3><p>Ulrich Meinhardt<br \/>Wolfgang Frey<\/p><h3>Registereintrag:<\/h3><p>Eingetragen im Handelsregister.<br \/>Registergericht: Amtsgericht Bamberg<br \/>Registernummer: 1849<\/p><h3>Umsatzsteuer-ID:<\/h3><p>Umsatzsteuer-Identifikationsnummer nach \u00a727a Umsatzsteuergesetz:<br \/>DE132276644<\/p><p>Berufsbezeichnung: Architekt<br \/>Kammer: Architektenkammer Berlin \/ Architektenkammer Bayern<br \/>Berufsbezeichnung verliehen im Land: Deutschland<\/p><h3>Berufshaftpflichtversicherung:<\/h3><p>AIA AG<br \/>Kaistr. 13<br \/>40221 D\u00fcsseldorf<br \/>Geltungsbereich: weltweit<\/p><h3>Verantwortlich f\u00fcr den Inhalt (gem. \u00a7 55 Abs. 2 RStV):<\/h3><p>Wolfgang Frey, Ulrich Meinhardt<br \/>Obere K\u00f6nigstr. 15<br \/>96052 Bamberg<\/p><h3>Bildrechte:<\/h3><ul><li><p>pixabay.com: Zeughaus, Berlin<\/p><\/li><li><p>Wikipedia: Staatsoper Unter den Linden, Ludwig-Donau-Main-Kanal<\/p><\/li><li><p>Gerhard Hagen Fotografie: Regierung von Unterfranken<\/p><\/li><li>Simeon Johnke: \u00dcber uns, Neue Residenz Bamberg, Staatsoper Unter den Linden, Berlin, Neue Wache, Berlin, Pergamonmuseum, Berlin<\/li><\/ul><h2>Disclaimer \u2013 rechtliche Hinweise<\/h2><p>\u00a7 1 Warnhinweis zu Inhalten<br \/>Die kostenlosen und frei zug\u00e4nglichen Inhalte dieser Webseite wurden mit gr\u00f6\u00dftm\u00f6glicher Sorgfalt erstellt.<br \/>Der Anbieter dieser Webseite \u00fcbernimmt jedoch keine Gew\u00e4hr f\u00fcr die Richtigkeit und Aktualit\u00e4t der bereitgestellten kostenlosen und frei zug\u00e4nglichen journalistischen Ratgeber und Nachrichten. Namentlich<br \/>gekennzeichnete Beitr\u00e4ge geben die Meinung des jeweiligen Autors und nicht immer die Meinung des<br \/>Anbieters wieder. Allein durch den Aufruf der kostenlosen und frei zug\u00e4nglichen Inhalte kommt keinerlei<br \/>Vertragsverh\u00e4ltnis zwischen dem Nutzer und dem Anbieter zustande, insoweit fehlt es am<br \/>Rechtsbindungswillen des Anbieters.<\/p><p>\u00a7 2 Externe Links<br \/>Diese Website enth\u00e4lt Verkn\u00fcpfungen zu Websites Dritter (&#8220;externe Links&#8221;). Diese Websites unterliegen der<br \/>Haftung der jeweiligen Betreiber. Der Anbieter hat bei der erstmaligen Verkn\u00fcpfung der externen Links die<br \/>fremden Inhalte daraufhin \u00fcberpr\u00fcft, ob etwaige Rechtsverst\u00f6\u00dfe bestehen. Zu dem Zeitpunkt waren keine<br \/>Rechtsverst\u00f6\u00dfe ersichtlich. Der Anbieter hat keinerlei Einfluss auf die aktuelle und zuk\u00fcnftige Gestaltung<br \/>und auf die Inhalte der verkn\u00fcpften Seiten. Das Setzen von externen Links bedeutet nicht, dass sich der<br \/>Anbieter die hinter dem Verweis oder Link liegenden Inhalte zu Eigen macht. Eine st\u00e4ndige Kontrolle der<br \/>externen Links ist f\u00fcr den Anbieter ohne konkrete Hinweise auf Rechtsverst\u00f6\u00dfe nicht zumutbar. Bei<br \/>Kenntnis von Rechtsverst\u00f6\u00dfen werden jedoch derartige externe Links unverz\u00fcglich gel\u00f6scht.<\/p><p>\u00a7 3 Urheber- und Leistungsschutzrechte<br \/>Die auf dieser Website ver\u00f6ffentlichten Inhalte unterliegen dem deutschen Urheber- und<br \/>Leistungsschutzrecht. Jede vom deutschen Urheber- und Leistungsschutzrecht nicht zugelassene<br \/>Verwertung bedarf der vorherigen schriftlichen Zustimmung des Anbieters oder jeweiligen Rechteinhabers.<br \/>Dies gilt insbesondere f\u00fcr Vervielf\u00e4ltigung, Bearbeitung, \u00dcbersetzung, Einspeicherung, Verarbeitung bzw.<br \/>Wiedergabe von Inhalten in Datenbanken oder anderen elektronischen Medien und Systemen. Inhalte und<br \/>Rechte Dritter sind dabei als solche gekennzeichnet. Die unerlaubte Vervielf\u00e4ltigung oder Weitergabe<br \/>einzelner Inhalte oder kompletter Seiten ist nicht gestattet und strafbar. Lediglich die Herstellung von<br \/>Kopien und Downloads f\u00fcr den pers\u00f6nlichen, privaten und nicht kommerziellen Gebrauch ist erlaubt.<br \/>Die Darstellung dieser Website in fremden Frames ist nur mit schriftlicher Erlaubnis zul\u00e4ssig.<\/p><p>\u00a7 4 Besondere Nutzungsbedingungen<br \/>Soweit besondere Bedingungen f\u00fcr einzelne Nutzungen dieser Website von den vorgenannten<br \/>Paragraphen abweichen, wird an entsprechender Stelle ausdr\u00fccklich darauf hingewiesen. In diesem Falle<br \/>gelten im jeweiligen Einzelfall die besonderen Nutzungsbedingungen.<\/p><p>Quelle: www.juraforum.de<\/p>\t\t\t\t\t<\/div>\n\t\t\t\t\t\t<\/div>\n\t\t\t\t<\/div>\n\t\t\t\t\t\t<\/div>\n\t\t\t\t\t<\/div>\n\t\t<\/div>\n\t\t\t\t\t\t\t\t<\/div>\n\t\t\t\t\t<\/div>\n\t\t<\/section>\n\t\t\t\t\t\t<\/div>\n\t\t\t\t\t\t<\/div>\n\t\t\t\t\t<\/div>\n\t\t","protected":false},"excerpt":{"rendered":"<p>Impressum Pro Denkmal GmbH Bamberg Obere K\u00f6nigsstra\u00dfe 15 96052 Bamberg 0951-96 4350 0 bamberg@prodenkmal.de Represented by: Ulrich Meinhardt Wolfgang Frey Registereintrag: Eingetragen im Handelsregister. Registergericht: Amtsgericht Bamberg Registernummer: 1849 Umsatzsteuer-ID: Umsatzsteuer-Identifikationsnummer nach \u00a727a Umsatzsteuergesetz: DE132276644 Berufsbezeichnung: Architekt Kammer: Architektenkammer Berlin \/ Architektenkammer Bayern Berufsbezeichnung verliehen im Land: Deutschland Berufshaftpflichtversicherung: AIA AG Kaistr. 13 40221 D\u00fcsseldorf [&hellip;]<\/p>\n","protected":false},"author":8,"featured_media":0,"parent":0,"menu_order":0,"comment_status":"closed","ping_status":"closed","template":"","meta":[],"yoast_head":"<!-- This site is optimized with the Yoast SEO plugin v16.7 - https:\/\/yoast.com\/wordpress\/plugins\/seo\/ -->\n<meta name=\"description\" content=\"ProDenkmal plant und realisiert bundesweit hochwertige Projekte f\u00fcr namenhafte \u00f6ffentliche und private Auftraggeber.\" \/>\n<meta name=\"robots\" content=\"index, follow, max-snippet:-1, max-image-preview:large, max-video-preview:-1\" \/>\n<link rel=\"canonical\" href=\"https:\/\/www.prodenkmal.de\/en\/legalnotice\/\" \/>\n<meta property=\"og:locale\" content=\"en_US\" \/>\n<meta property=\"og:type\" content=\"article\" \/>\n<meta property=\"og:title\" content=\"Legal Notice | ProDenkmal\" \/>\n<meta property=\"og:description\" content=\"ProDenkmal plant und realisiert bundesweit hochwertige Projekte f\u00fcr namenhafte \u00f6ffentliche und private Auftraggeber.\" \/>\n<meta property=\"og:url\" content=\"https:\/\/www.prodenkmal.de\/en\/legalnotice\/\" \/>\n<meta property=\"og:site_name\" content=\"ProDenkmal\" \/>\n<meta property=\"article:modified_time\" content=\"2022-11-02T09:21:54+00:00\" \/>\n<meta name=\"twitter:card\" content=\"summary_large_image\" \/>\n<meta name=\"twitter:label1\" content=\"Est. reading time\" \/>\n\t<meta name=\"twitter:data1\" content=\"3 minutes\" \/>\n<script type=\"application\/ld+json\" class=\"yoast-schema-graph\">{\"@context\":\"https:\/\/schema.org\",\"@graph\":[{\"@type\":\"Organization\",\"@id\":\"https:\/\/www.prodenkmal.de\/de\/#organization\",\"name\":\"ProDenkmal\",\"url\":\"https:\/\/www.prodenkmal.de\/de\/\",\"sameAs\":[],\"logo\":{\"@type\":\"ImageObject\",\"@id\":\"https:\/\/www.prodenkmal.de\/de\/#logo\",\"inLanguage\":\"en-US\",\"url\":\"https:\/\/www.prodenkmal.de\/wp-content\/uploads\/2020\/11\/logo_red_black.svg\",\"contentUrl\":\"https:\/\/www.prodenkmal.de\/wp-content\/uploads\/2020\/11\/logo_red_black.svg\",\"caption\":\"ProDenkmal\"},\"image\":{\"@id\":\"https:\/\/www.prodenkmal.de\/de\/#logo\"}},{\"@type\":\"WebSite\",\"@id\":\"https:\/\/www.prodenkmal.de\/de\/#website\",\"url\":\"https:\/\/www.prodenkmal.de\/de\/\",\"name\":\"ProDenkmal\",\"description\":\"\",\"publisher\":{\"@id\":\"https:\/\/www.prodenkmal.de\/de\/#organization\"},\"potentialAction\":[{\"@type\":\"SearchAction\",\"target\":{\"@type\":\"EntryPoint\",\"urlTemplate\":\"https:\/\/www.prodenkmal.de\/de\/?s={search_term_string}\"},\"query-input\":\"required name=search_term_string\"}],\"inLanguage\":\"en-US\"},{\"@type\":\"WebPage\",\"@id\":\"https:\/\/www.prodenkmal.de\/en\/legalnotice\/#webpage\",\"url\":\"https:\/\/www.prodenkmal.de\/en\/legalnotice\/\",\"name\":\"Legal Notice | ProDenkmal\",\"isPartOf\":{\"@id\":\"https:\/\/www.prodenkmal.de\/de\/#website\"},\"datePublished\":\"2021-11-08T12:37:45+00:00\",\"dateModified\":\"2022-11-02T09:21:54+00:00\",\"description\":\"ProDenkmal plant und realisiert bundesweit hochwertige Projekte f\\u00fcr namenhafte \\u00f6ffentliche und private Auftraggeber.\",\"breadcrumb\":{\"@id\":\"https:\/\/www.prodenkmal.de\/en\/legalnotice\/#breadcrumb\"},\"inLanguage\":\"en-US\",\"potentialAction\":[{\"@type\":\"ReadAction\",\"target\":[\"https:\/\/www.prodenkmal.de\/en\/legalnotice\/\"]}]},{\"@type\":\"BreadcrumbList\",\"@id\":\"https:\/\/www.prodenkmal.de\/en\/legalnotice\/#breadcrumb\",\"itemListElement\":[{\"@type\":\"ListItem\",\"position\":1,\"name\":\"Startseite\",\"item\":\"https:\/\/www.prodenkmal.de\/de\/\"},{\"@type\":\"ListItem\",\"position\":2,\"name\":\"Legal Notice\"}]}]}<\/script>\n<!-- \/ Yoast SEO plugin. -->","yoast_head_json":{"description":"ProDenkmal plant und realisiert bundesweit hochwertige Projekte f\u00fcr namenhafte \u00f6ffentliche und private Auftraggeber.","robots":{"index":"index","follow":"follow","max-snippet":"max-snippet:-1","max-image-preview":"max-image-preview:large","max-video-preview":"max-video-preview:-1"},"canonical":"https:\/\/www.prodenkmal.de\/en\/legalnotice\/","og_locale":"en_US","og_type":"article","og_title":"Legal Notice | ProDenkmal","og_description":"ProDenkmal plant und realisiert bundesweit hochwertige Projekte f\u00fcr namenhafte \u00f6ffentliche und private Auftraggeber.","og_url":"https:\/\/www.prodenkmal.de\/en\/legalnotice\/","og_site_name":"ProDenkmal","article_modified_time":"2022-11-02T09:21:54+00:00","twitter_card":"summary_large_image","twitter_misc":{"Est. reading time":"3 minutes"},"schema":{"@context":"https:\/\/schema.org","@graph":[{"@type":"Organization","@id":"https:\/\/www.prodenkmal.de\/de\/#organization","name":"ProDenkmal","url":"https:\/\/www.prodenkmal.de\/de\/","sameAs":[],"logo":{"@type":"ImageObject","@id":"https:\/\/www.prodenkmal.de\/de\/#logo","inLanguage":"en-US","url":"https:\/\/www.prodenkmal.de\/wp-content\/uploads\/2020\/11\/logo_red_black.svg","contentUrl":"https:\/\/www.prodenkmal.de\/wp-content\/uploads\/2020\/11\/logo_red_black.svg","caption":"ProDenkmal"},"image":{"@id":"https:\/\/www.prodenkmal.de\/de\/#logo"}},{"@type":"WebSite","@id":"https:\/\/www.prodenkmal.de\/de\/#website","url":"https:\/\/www.prodenkmal.de\/de\/","name":"ProDenkmal","description":"","publisher":{"@id":"https:\/\/www.prodenkmal.de\/de\/#organization"},"potentialAction":[{"@type":"SearchAction","target":{"@type":"EntryPoint","urlTemplate":"https:\/\/www.prodenkmal.de\/de\/?s={search_term_string}"},"query-input":"required name=search_term_string"}],"inLanguage":"en-US"},{"@type":"WebPage","@id":"https:\/\/www.prodenkmal.de\/en\/legalnotice\/#webpage","url":"https:\/\/www.prodenkmal.de\/en\/legalnotice\/","name":"Legal Notice | ProDenkmal","isPartOf":{"@id":"https:\/\/www.prodenkmal.de\/de\/#website"},"datePublished":"2021-11-08T12:37:45+00:00","dateModified":"2022-11-02T09:21:54+00:00","description":"ProDenkmal plant und realisiert bundesweit hochwertige Projekte f\u00fcr namenhafte \u00f6ffentliche und private Auftraggeber.","breadcrumb":{"@id":"https:\/\/www.prodenkmal.de\/en\/legalnotice\/#breadcrumb"},"inLanguage":"en-US","potentialAction":[{"@type":"ReadAction","target":["https:\/\/www.prodenkmal.de\/en\/legalnotice\/"]}]},{"@type":"BreadcrumbList","@id":"https:\/\/www.prodenkmal.de\/en\/legalnotice\/#breadcrumb","itemListElement":[{"@type":"ListItem","position":1,"name":"Startseite","item":"https:\/\/www.prodenkmal.de\/de\/"},{"@type":"ListItem","position":2,"name":"Legal Notice"}]}]}},"_links":{"self":[{"href":"https:\/\/www.prodenkmal.de\/en\/wp-json\/wp\/v2\/pages\/7117"}],"collection":[{"href":"https:\/\/www.prodenkmal.de\/en\/wp-json\/wp\/v2\/pages"}],"about":[{"href":"https:\/\/www.prodenkmal.de\/en\/wp-json\/wp\/v2\/types\/page"}],"author":[{"embeddable":true,"href":"https:\/\/www.prodenkmal.de\/en\/wp-json\/wp\/v2\/users\/8"}],"replies":[{"embeddable":true,"href":"https:\/\/www.prodenkmal.de\/en\/wp-json\/wp\/v2\/comments?post=7117"}],"version-history":[{"count":4,"href":"https:\/\/www.prodenkmal.de\/en\/wp-json\/wp\/v2\/pages\/7117\/revisions"}],"predecessor-version":[{"id":7243,"href":"https:\/\/www.prodenkmal.de\/en\/wp-json\/wp\/v2\/pages\/7117\/revisions\/7243"}],"wp:attachment":[{"href":"https:\/\/www.prodenkmal.de\/en\/wp-json\/wp\/v2\/media?parent=7117"}],"curies":[{"name":"wp","href":"https:\/\/api.w.org\/{rel}","templated":true}]}}